{"id":2352,"date":"2023-09-28T14:43:33","date_gmt":"2023-09-28T12:43:33","guid":{"rendered":"https:\/\/kapass.academy\/?page_id=2352"},"modified":"2025-02-11T11:09:31","modified_gmt":"2025-02-11T10:09:31","slug":"test-decors","status":"publish","type":"page","link":"https:\/\/kapass.academy\/","title":{"rendered":"Accueil"},"content":{"rendered":"<p>[et_pb_section fb_built=\u00a0\u00bb1&Prime; admin_label=\u00a0\u00bbLanding Hero\u00a0\u00bb _builder_version=\u00a0\u00bb4.19.1&Prime; background_color=\u00a0\u00bb#FFFFFF\u00a0\u00bb background_enable_color=\u00a0\u00bbon\u00a0\u00bb background_image=\u00a0\u00bbhttps:\/\/kapass.academy\/wp-content\/uploads\/coding-background-texture.jpg\u00a0\u00bb background_blend=\u00a0\u00bboverlay\u00a0\u00bb min_height=\u00a0\u00bb167px\u00a0\u00bb custom_margin=\u00a0\u00bb-10px||-107px|||\u00a0\u00bb custom_padding=\u00a0\u00bb31px|0px|100px|0px||\u00a0\u00bb animation_style=\u00a0\u00bbslide\u00a0\u00bb animation_direction=\u00a0\u00bbtop\u00a0\u00bb animation_intensity_slide=\u00a0\u00bb2%\u00a0\u00bb locked=\u00a0\u00bboff\u00a0\u00bb global_colors_info=\u00a0\u00bb{}\u00a0\u00bb][et_pb_row admin_label=\u00a0\u00bbLigne titre\u00a0\u00bb _builder_version=\u00a0\u00bb4.22.2&Prime; _module_preset=\u00a0\u00bbdefault\u00a0\u00bb animation_style=\u00a0\u00bbfade\u00a0\u00bb global_colors_info=\u00a0\u00bb{}\u00a0\u00bb][et_pb_column type=\u00a0\u00bb4_4&Prime; _builder_version=\u00a0\u00bb4.22.2&Prime; _module_preset=\u00a0\u00bbdefault\u00a0\u00bb global_colors_info=\u00a0\u00bb{}\u00a0\u00bb][et_pb_text _builder_version=\u00a0\u00bb4.22.2&Prime; _module_preset=\u00a0\u00bbdefault\u00a0\u00bb header_text_color=\u00a0\u00bb#000000&Prime; module_alignment=\u00a0\u00bbcenter\u00a0\u00bb custom_margin=\u00a0\u00bb|||0px|false|false\u00a0\u00bb custom_margin_tablet=\u00a0\u00bb|||0px|false|false\u00a0\u00bb custom_margin_phone=\u00a0\u00bb|||0px|false|false\u00a0\u00bb custom_margin_last_edited=\u00a0\u00bbon|desktop\u00a0\u00bb animation_style=\u00a0\u00bbfade\u00a0\u00bb text_text_shadow_style=\u00a0\u00bbpreset4&Prime; global_colors_info=\u00a0\u00bb{}\u00a0\u00bb]<\/p>\n<h1 style=\"text-align: center;\"><span style=\"color: #000000;\">La Transition \u00e9cologique impacte les entreprises et transforme en profondeur le march\u00e9 du travail<\/span><\/h1>\n<h2 style=\"text-align: center;\"><\/h2>\n<p>[\/et_pb_text][et_pb_image src=\u00a0\u00bbhttps:\/\/kapass.academy\/wp-content\/uploads\/CERCES-CSRD-2025-def.jpg\u00a0\u00bb title_text=\u00a0\u00bbCERCES CSRD 2025 def\u00a0\u00bb align=\u00a0\u00bbcenter\u00a0\u00bb _builder_version=\u00a0\u00bb4.27.4&Prime; _module_preset=\u00a0\u00bbdefault\u00a0\u00bb width=\u00a0\u00bb30%\u00a0\u00bb hover_enabled=\u00a0\u00bb0&Prime; global_colors_info=\u00a0\u00bb{}\u00a0\u00bb url=\u00a0\u00bbhttps:\/\/www.cerces.org\/\u00a0\u00bb url_new_window=\u00a0\u00bbon\u00a0\u00bb sticky_enabled=\u00a0\u00bb0&Prime;][\/et_pb_image][\/et_pb_column][\/et_pb_row][et_pb_row _builder_version=\u00a0\u00bb4.16&Prime; _module_preset=\u00a0\u00bbdefault\u00a0\u00bb min_height=\u00a0\u00bb65px\u00a0\u00bb custom_margin=\u00a0\u00bb-2px|auto||auto||\u00a0\u00bb custom_padding=\u00a0\u00bb21px|||||\u00a0\u00bb collapsed=\u00a0\u00bboff\u00a0\u00bb global_colors_info=\u00a0\u00bb{}\u00a0\u00bb][et_pb_column type=\u00a0\u00bb4_4&Prime; _builder_version=\u00a0\u00bb4.16&Prime; _module_preset=\u00a0\u00bbdefault\u00a0\u00bb global_colors_info=\u00a0\u00bb{}\u00a0\u00bb][et_pb_text _builder_version=\u00a0\u00bb4.19.2&Prime; _module_preset=\u00a0\u00bbdefault\u00a0\u00bb global_colors_info=\u00a0\u00bb{}\u00a0\u00bb]<\/p>\n<h2 style=\"text-align: left;\"><span style=\"color: #000000;\">De nouveaux m\u00e9tiers apparaissent, d\u2019autres \u00e9voluent, pour r\u00e9pondre aux enjeux soci\u00e9taux actuels :<\/span><\/h2>\n<p>[\/et_pb_text][et_pb_text _builder_version=\u00a0\u00bb4.22.2&Prime; _module_preset=\u00a0\u00bbdefault\u00a0\u00bb text_text_color=\u00a0\u00bb#000000&Prime; global_colors_info=\u00a0\u00bb{}\u00a0\u00bb]<\/p>\n<ul>\n<li style=\"text-align: left;\">\n<h3><span style=\"color: #000000;\">Changement climatique<\/span><\/h3>\n<\/li>\n<li style=\"text-align: left;\">\n<h3><span style=\"color: #00000;\">Biodiversit\u00e9<\/span><\/h3>\n<\/li>\n<li style=\"text-align: left;\">\n<h3><span style=\"color: #000000;\">Solidarit\u00e9<\/span><\/h3>\n<\/li>\n<li style=\"text-align: left;\">\n<h3><span style=\"color: #000000;\">Inclusion\u2026<\/span><\/h3>\n<\/li>\n<\/ul>\n<p>[\/et_pb_text][\/et_pb_column][\/et_pb_row][et_pb_row column_structure=\u00a0\u00bb1_2,1_2&Prime; _builder_version=\u00a0\u00bb4.22.2&Prime; _module_preset=\u00a0\u00bbdefault\u00a0\u00bb global_colors_info=\u00a0\u00bb{}\u00a0\u00bb][et_pb_column type=\u00a0\u00bb1_2&Prime; _builder_version=\u00a0\u00bb4.22.2&Prime; _module_preset=\u00a0\u00bbdefault\u00a0\u00bb global_colors_info=\u00a0\u00bb{}\u00a0\u00bb][et_pb_text _builder_version=\u00a0\u00bb4.23.4&Prime; _module_preset=\u00a0\u00bbdefault\u00a0\u00bb text_text_color=\u00a0\u00bb#000000&Prime; header_text_color=\u00a0\u00bb#000000&Prime; header_3_line_height=\u00a0\u00bb1.4em\u00a0\u00bb global_colors_info=\u00a0\u00bb{}\u00a0\u00bb]<\/p>\n<h3 style=\"font-weight: 400; text-align: justify;\"><strong>KaPass se donne pour mission de promouvoir les comp\u00e9tences de la RSE et de la Transition \u00e9cologique <\/strong>afin qu\u2019elles soient reconnues par le march\u00e9 du travail au travers de plusieurs activit\u00e9s :<\/h3>\n<ul>\n<li>\n<h3><em>La veille des comp\u00e9tences de la RSE et de la transition \u00e9cologique conformes aux besoins de toutes les parties prenantes;<\/em><\/h3>\n<\/li>\n<li>\n<h3><em><\/em><em>Le d\u00e9veloppement de formations cibl\u00e9es sur ces comp\u00e9tences ;<\/em><\/h3>\n<\/li>\n<li>\n<h3><em><\/em><em style=\"font-size: 22px;\">L\u2019accompagnement des dirigeant.e.s et des \u00e9quipes de PME et de TPE dans la transformation de leur entreprise;<\/em><\/h3>\n<\/li>\n<li>\n<h3><em style=\"font-size: 22px;\"><\/em><em style=\"font-size: 22px;\">La cr\u00e9ation et la mise \u00e0 jour de r\u00e9f\u00e9rentiels de certification;<\/em><\/h3>\n<\/li>\n<li>\n<h3><em style=\"font-size: 22px;\"><\/em><em style=\"font-size: 22px;\">L\u2019organisation d\u2019examens et le suivi des b\u00e9n\u00e9ficiaires.<\/em><\/h3>\n<\/li>\n<\/ul>\n<p>[\/et_pb_text][\/et_pb_column][et_pb_column type=\u00a0\u00bb1_2&Prime; _builder_version=\u00a0\u00bb4.22.2&Prime; _module_preset=\u00a0\u00bbdefault\u00a0\u00bb global_colors_info=\u00a0\u00bb{}\u00a0\u00bb][et_pb_text _builder_version=\u00a0\u00bb4.22.2&Prime; _module_preset=\u00a0\u00bbdefault\u00a0\u00bb text_line_height=\u00a0\u00bb1.8em\u00a0\u00bb header_line_height=\u00a0\u00bb1.4em\u00a0\u00bb header_3_line_height=\u00a0\u00bb1.4em\u00a0\u00bb custom_padding=\u00a0\u00bb0px|||||\u00a0\u00bb global_colors_info=\u00a0\u00bb{}\u00a0\u00bb]<\/p>\n<h3 style=\"text-align: justify;\"><strong>Kapass est partenaire du R\u00e9seau FEVE<\/strong><span> qui forme et accompagne depuis 2015 les salari\u00e9s volontaires autour la transition \u00e9cologique et solidaire.<\/span><\/h3>\n<p>[\/et_pb_text][et_pb_image src=\u00a0\u00bbhttps:\/\/kapass.academy\/wp-content\/uploads\/cropped-logo_vectorise_RF-1.png\u00a0\u00bb title_text=\u00a0\u00bbR\u00e9seau FEVE\u00a0\u00bb url=\u00a0\u00bbhttps:\/\/reseaufeve.org\u00a0\u00bb url_new_window=\u00a0\u00bbon\u00a0\u00bb _builder_version=\u00a0\u00bb4.22.2&Prime; _module_preset=\u00a0\u00bbdefault\u00a0\u00bb width=\u00a0\u00bb50%\u00a0\u00bb width_tablet=\u00a0\u00bb50%\u00a0\u00bb width_phone=\u00a0\u00bb35%\u00a0\u00bb width_last_edited=\u00a0\u00bbon|phone\u00a0\u00bb module_alignment=\u00a0\u00bbcenter\u00a0\u00bb global_colors_info=\u00a0\u00bb{}\u00a0\u00bb][\/et_pb_image][\/et_pb_column][\/et_pb_row][et_pb_row _builder_version=\u00a0\u00bb4.22.2&Prime; _module_preset=\u00a0\u00bbdefault\u00a0\u00bb global_colors_info=\u00a0\u00bb{}\u00a0\u00bb][et_pb_column type=\u00a0\u00bb4_4&Prime; _builder_version=\u00a0\u00bb4.22.2&Prime; _module_preset=\u00a0\u00bbdefault\u00a0\u00bb global_colors_info=\u00a0\u00bb{}\u00a0\u00bb][et_pb_divider _builder_version=\u00a0\u00bb4.22.2&Prime; _module_preset=\u00a0\u00bbdefault\u00a0\u00bb global_colors_info=\u00a0\u00bb{}\u00a0\u00bb][\/et_pb_divider][\/et_pb_column][\/et_pb_row][et_pb_row column_structure=\u00a0\u00bb1_2,1_2&Prime; _builder_version=\u00a0\u00bb4.23.4&Prime; _module_preset=\u00a0\u00bbdefault\u00a0\u00bb global_colors_info=\u00a0\u00bb{}\u00a0\u00bb][et_pb_column type=\u00a0\u00bb1_2&Prime; _builder_version=\u00a0\u00bb4.19.2&Prime; _module_preset=\u00a0\u00bbdefault\u00a0\u00bb global_colors_info=\u00a0\u00bb{}\u00a0\u00bb][et_pb_image src=\u00a0\u00bbhttps:\/\/kapass.academy\/wp-content\/uploads\/packaging_hires.png\u00a0\u00bb alt=\u00a0\u00bbNotre offre\u00a0\u00bb title_text=\u00a0\u00bbpackaging_hires\u00a0\u00bb align=\u00a0\u00bbcenter\u00a0\u00bb _builder_version=\u00a0\u00bb4.22.2&Prime; _module_preset=\u00a0\u00bbdefault\u00a0\u00bb width=\u00a0\u00bb100px\u00a0\u00bb global_colors_info=\u00a0\u00bb{}\u00a0\u00bb][\/et_pb_image][et_pb_text admin_label=\u00a0\u00bbTitre Agilit\u00e9\u00a0\u00bb _builder_version=\u00a0\u00bb4.22.2&Prime; _module_preset=\u00a0\u00bbdefault\u00a0\u00bb header_2_font_size=\u00a0\u00bb20px\u00a0\u00bb global_colors_info=\u00a0\u00bb{}\u00a0\u00bb]<\/p>\n<h2 style=\"text-align: center;\"><strong>Notre offre<\/strong><\/h2>\n<h3><\/h3>\n<p>[\/et_pb_text][et_pb_text _builder_version=\u00a0\u00bb4.22.2&Prime; _module_preset=\u00a0\u00bbdefault\u00a0\u00bb text_text_color=\u00a0\u00bb#000000&Prime; header_2_line_height=\u00a0\u00bb1.6em\u00a0\u00bb header_3_line_height_tablet=\u00a0\u00bb1em\u00a0\u00bb header_3_line_height_phone=\u00a0\u00bb1em\u00a0\u00bb header_3_line_height_last_edited=\u00a0\u00bbon|desktop\u00a0\u00bb global_colors_info=\u00a0\u00bb{}\u00a0\u00bb]<\/p>\n<ul>\n<li>Un accompagnement sur la strat\u00e9gie RSE et les transformations qu&rsquo;elle implique dans le fonctionnement quotidien de son entreprise;<\/li>\n<li>Des formations cibl\u00e9es sur les comp\u00e9tences indispensables \u00e0 acqu\u00e9rir dans ce nouveau contexte.<\/li>\n<\/ul>\n<p>[\/et_pb_text][\/et_pb_column][et_pb_column type=\u00a0\u00bb1_2&Prime; _builder_version=\u00a0\u00bb4.19.2&Prime; _module_preset=\u00a0\u00bbdefault\u00a0\u00bb global_colors_info=\u00a0\u00bb{}\u00a0\u00bb][et_pb_image src=\u00a0\u00bbhttps:\/\/kapass.academy\/wp-content\/uploads\/good-quality_hires.png\u00a0\u00bb title_text=\u00a0\u00bbgood-quality_hires\u00a0\u00bb align=\u00a0\u00bbcenter\u00a0\u00bb _builder_version=\u00a0\u00bb4.22.2&Prime; _module_preset=\u00a0\u00bbdefault\u00a0\u00bb width=\u00a0\u00bb100px\u00a0\u00bb global_colors_info=\u00a0\u00bb{}\u00a0\u00bb][\/et_pb_image][et_pb_text admin_label=\u00a0\u00bbTitre Performance\u00a0\u00bb _builder_version=\u00a0\u00bb4.22.2&Prime; _module_preset=\u00a0\u00bbdefault\u00a0\u00bb text_text_color=\u00a0\u00bb#000000&Prime; header_2_font_size=\u00a0\u00bb20px\u00a0\u00bb global_colors_info=\u00a0\u00bb{}\u00a0\u00bb]<\/p>\n<h2 style=\"text-align: center;\"><strong>Nos garanties<\/strong><\/h2>\n<p>[\/et_pb_text][et_pb_text _builder_version=\u00a0\u00bb4.23.4&Prime; _module_preset=\u00a0\u00bbdefault\u00a0\u00bb text_text_color=\u00a0\u00bb#000000&Prime; global_colors_info=\u00a0\u00bb{}\u00a0\u00bb]<\/p>\n<ul>\n<li>Nous vous accompagnons au quotidien, de fa\u00e7on <strong>pragmatique<\/strong> et adapt\u00e9e au contexte des PME-TPE.<\/li>\n<li>Nos formations sont actualis\u00e9es r\u00e9guli\u00e8rement en fonction de l&rsquo;\u00e9volution du contexte \u00e9conomique et l\u00e9gislatif.<\/li>\n<\/ul>\n<p>[\/et_pb_text][\/et_pb_column][\/et_pb_row][\/et_pb_section]<\/p>\n","protected":false},"excerpt":{"rendered":"<p>La Transition \u00e9cologique impacte les entreprises et transforme en profondeur le march\u00e9 du travail De nouveaux m\u00e9tiers apparaissent, d\u2019autres \u00e9voluent, pour r\u00e9pondre aux enjeux soci\u00e9taux actuels : Changement climatique Biodiversit\u00e9 Solidarit\u00e9 Inclusion\u2026 KaPass se donne pour mission de promouvoir les comp\u00e9tences de la RSE et de la Transition \u00e9cologique afin qu\u2019elles soient reconnues par le [&hellip;]<\/p>\n","protected":false},"author":4,"featured_media":0,"parent":0,"menu_order":0,"comment_status":"closed","ping_status":"closed","template":"","meta":{"_et_pb_use_builder":"on","_et_pb_old_content":"","_et_gb_content_width":"","footnotes":""},"class_list":["post-2352","page","type-page","status-publish","hentry"],"aioseo_notices":[],"_links":{"self":[{"href":"https:\/\/kapass.academy\/index.php\/wp-json\/wp\/v2\/pages\/2352","targetHints":{"allow":["GET"]}}],"collection":[{"href":"https:\/\/kapass.academy\/index.php\/wp-json\/wp\/v2\/pages"}],"about":[{"href":"https:\/\/kapass.academy\/index.php\/wp-json\/wp\/v2\/types\/page"}],"author":[{"embeddable":true,"href":"https:\/\/kapass.academy\/index.php\/wp-json\/wp\/v2\/users\/4"}],"replies":[{"embeddable":true,"href":"https:\/\/kapass.academy\/index.php\/wp-json\/wp\/v2\/comments?post=2352"}],"version-history":[{"count":41,"href":"https:\/\/kapass.academy\/index.php\/wp-json\/wp\/v2\/pages\/2352\/revisions"}],"predecessor-version":[{"id":2621,"href":"https:\/\/kapass.academy\/index.php\/wp-json\/wp\/v2\/pages\/2352\/revisions\/2621"}],"wp:attachment":[{"href":"https:\/\/kapass.academy\/index.php\/wp-json\/wp\/v2\/media?parent=2352"}],"curies":[{"name":"wp","href":"https:\/\/api.w.org\/{rel}","templated":true}]}}