{"id":1967,"date":"2023-02-08T10:15:41","date_gmt":"2023-02-08T09:15:41","guid":{"rendered":"https:\/\/kapass.academy\/?page_id=1967"},"modified":"2023-09-28T16:31:52","modified_gmt":"2023-09-28T14:31:52","slug":"volontaire-environnement","status":"publish","type":"page","link":"https:\/\/kapass.academy\/index.php\/volontaire-environnement\/","title":{"rendered":"Volontaire Environnement"},"content":{"rendered":"<p>[et_pb_section fb_built=\u00a0\u00bb1&Prime; admin_label=\u00a0\u00bbSection info\u00a0\u00bb _builder_version=\u00a0\u00bb4.19.5&Prime; _module_preset=\u00a0\u00bbdefault\u00a0\u00bb min_height=\u00a0\u00bb2901.6px\u00a0\u00bb custom_margin=\u00a0\u00bb||-4px|||\u00a0\u00bb custom_padding=\u00a0\u00bb84px||84px||true|\u00a0\u00bb collapsed=\u00a0\u00bboff\u00a0\u00bb global_colors_info=\u00a0\u00bb{}\u00a0\u00bb][et_pb_row _builder_version=\u00a0\u00bb4.22.2&Prime; _module_preset=\u00a0\u00bbdefault\u00a0\u00bb hover_enabled=\u00a0\u00bb0&Prime; global_colors_info=\u00a0\u00bb{}\u00a0\u00bb column_structure=\u00a0\u00bb1_3,2_3&Prime; sticky_enabled=\u00a0\u00bb0&Prime;][et_pb_column type=\u00a0\u00bb1_3&Prime; _builder_version=\u00a0\u00bb4.19.5&Prime; _module_preset=\u00a0\u00bbdefault\u00a0\u00bb global_colors_info=\u00a0\u00bb{}\u00a0\u00bb][et_pb_image src=\u00a0\u00bbhttps:\/\/kapass.academy\/wp-content\/uploads\/Volontaire-Environnement.png\u00a0\u00bb alt=\u00a0\u00bbVolontaire Environnement\u00a0\u00bb title_text=\u00a0\u00bbVolontaire Environnement\u00a0\u00bb align=\u00a0\u00bbcenter\u00a0\u00bb _builder_version=\u00a0\u00bb4.22.2&Prime; _module_preset=\u00a0\u00bbdefault\u00a0\u00bb width=\u00a0\u00bb100%\u00a0\u00bb module_alignment=\u00a0\u00bbcenter\u00a0\u00bb hover_enabled=\u00a0\u00bb0&Prime; global_colors_info=\u00a0\u00bb{}\u00a0\u00bb sticky_enabled=\u00a0\u00bb0&Prime;][\/et_pb_image][\/et_pb_column][et_pb_column type=\u00a0\u00bb2_3&Prime; _builder_version=\u00a0\u00bb4.19.5&Prime; _module_preset=\u00a0\u00bbdefault\u00a0\u00bb global_colors_info=\u00a0\u00bb{}\u00a0\u00bb][et_pb_text admin_label=\u00a0\u00bbTitre\u00a0\u00bb _builder_version=\u00a0\u00bb4.22.2&Prime; _module_preset=\u00a0\u00bbdefault\u00a0\u00bb text_text_color=\u00a0\u00bb#000000&Prime; width=\u00a0\u00bb83%\u00a0\u00bb custom_margin=\u00a0\u00bb|||90px||\u00a0\u00bb custom_margin_tablet=\u00a0\u00bb|||90px||\u00a0\u00bb custom_margin_phone=\u00a0\u00bb|||0px|false|false\u00a0\u00bb custom_margin_last_edited=\u00a0\u00bbon|phone\u00a0\u00bb hover_enabled=\u00a0\u00bb0&Prime; global_colors_info=\u00a0\u00bb{}\u00a0\u00bb sticky_enabled=\u00a0\u00bb0&Prime;]<\/p>\n<h1 style=\"text-align: center;\"><strong>\u00ab Volontaire Environnement \u00bb<\/strong><\/h1>\n<h3 style=\"text-align: center;\"><strong>Une formation d\u00e9livr\u00e9e par les Organismes de formation partenaires de Kapass<\/strong><\/h3>\n<p style=\"text-align: center;\">* La formation Volontaire Environnement a \u00e9t\u00e9 cr\u00e9\u00e9e en partenariat avec l&rsquo;association <a href=\"https:\/\/reseaufeve.org\/volontaire-environnement\" target=\"_blank\" rel=\"noopener\"><strong>R\u00e9seau FEVE<\/strong><\/a>,<\/p>\n<p>&nbsp;<\/p>\n<p>[\/et_pb_text][\/et_pb_column][\/et_pb_row][et_pb_row _builder_version=\u00a0\u00bb4.22.2&Prime; _module_preset=\u00a0\u00bbdefault\u00a0\u00bb column_structure=\u00a0\u00bb1_2,1_2&Prime; hover_enabled=\u00a0\u00bb0&Prime; sticky_enabled=\u00a0\u00bb0&Prime;][et_pb_column _builder_version=\u00a0\u00bb4.22.2&Prime; _module_preset=\u00a0\u00bbdefault\u00a0\u00bb type=\u00a0\u00bb1_2&Prime;][et_pb_text _builder_version=\u00a0\u00bb4.22.2&Prime; _module_preset=\u00a0\u00bbdefault\u00a0\u00bb hover_enabled=\u00a0\u00bb0&Prime; sticky_enabled=\u00a0\u00bb0&Prime;]<\/p>\n<ul>\n<li style=\"text-align: left;\"><strong><em>Volontaire Environnement<\/em> <\/strong>est cit\u00e9 par <strong>l&rsquo;ADEME<\/strong> dans sa publication \u00ab <em>ECOTAF : la mobilisation \u00e9cologie des salari\u00e9s, Panorama des dispositifs de mobilisation en entreprise <\/em>\u00bb (Fiche n\u00b011 : R\u00e9seau Feve) que vous pouvez t\u00e9l\u00e9charger ici : <a href=\"https:\/\/librairie.ademe.fr\/recherche-et-innovation\/6247-ecotaf-la-mobilisation-ecologie-des-salaries.html\" target=\"_blank\" rel=\"noopener\" title=\"ECOTAF : la mobilisation \u00e9cologie des salari\u00e9s\">ECOTAF : la mobilisation \u00e9cologie des salari\u00e9s &#8211; La librairie ADEME<\/a><\/li>\n<\/ul>\n<p>[\/et_pb_text][\/et_pb_column][et_pb_column _builder_version=\u00a0\u00bb4.22.2&Prime; _module_preset=\u00a0\u00bbdefault\u00a0\u00bb type=\u00a0\u00bb1_2&Prime;][et_pb_text _builder_version=\u00a0\u00bb4.22.2&Prime; _module_preset=\u00a0\u00bbdefault\u00a0\u00bb hover_enabled=\u00a0\u00bb0&Prime; sticky_enabled=\u00a0\u00bb0&Prime;]<\/p>\n<ul>\n<li><span>Le <a href=\"https:\/\/www.infocep.fr\/qui-sommes-nous\" target=\"_blank\" rel=\"noopener\">Conseil en \u00c9volution professionnelle<\/a>, groupement d&rsquo;op\u00e9rateurs s\u00e9lectionn\u00e9s par France Comp\u00e9tences, cite la formation \u00ab Volontaire Environnement \u00bb comme permettant \u00ab\u00a0d<em>\u2019<\/em><strong>acqu\u00e9rir les comp\u00e9tences transversales essentielles \u00e0 la compr\u00e9hension des enjeux environnementaux actuels et de mettre en \u0153uvre des actions, comme le lancement de projets pour accompagner son collectif de travail et la transition de son entreprise<\/strong>\u00ab\u00a0. Voir<\/span>\u00a0<a href=\"https:\/\/www.linkedin.com\/pulse\/transition-%252525C3%252525A9cologique-des-entreprises-le-collectif\" target=\"_blank\" rel=\"noopener\">Transition \u00e9cologique des entreprises : le collectif, un levier de transformation<\/a>.<\/li>\n<\/ul>\n<p>[\/et_pb_text][\/et_pb_column][\/et_pb_row][et_pb_row column_structure=\u00a0\u00bb1_2,1_2&Prime; admin_label=\u00a0\u00bbD\u00e9tail objectifs\u00a0\u00bb _builder_version=\u00a0\u00bb4.19.5&Prime; _module_preset=\u00a0\u00bbdefault\u00a0\u00bb global_colors_info=\u00a0\u00bb{}\u00a0\u00bb][et_pb_column type=\u00a0\u00bb1_2&Prime; _builder_version=\u00a0\u00bb4.19.5&Prime; _module_preset=\u00a0\u00bbdefault\u00a0\u00bb global_colors_info=\u00a0\u00bb{}\u00a0\u00bb][et_pb_text _builder_version=\u00a0\u00bb4.22.2&Prime; _module_preset=\u00a0\u00bbdefault\u00a0\u00bb text_text_color=\u00a0\u00bb#000000&Prime; min_height=\u00a0\u00bb301.9px\u00a0\u00bb custom_margin=\u00a0\u00bb||-11px|||\u00a0\u00bb custom_padding=\u00a0\u00bb12px||21px|12px|false|false\u00a0\u00bb border_radii=\u00a0\u00bbon|5px|5px|5px|5px\u00a0\u00bb border_width_all=\u00a0\u00bb2px\u00a0\u00bb global_colors_info=\u00a0\u00bb{}\u00a0\u00bb]<\/p>\n<h3 style=\"text-align: center;\">QUELS SONT LES OBJECTIFS ?<\/h3>\n<ul>\n<li>Identifier les enjeux soci\u00e9taux et environnementaux propres \u00e0 votre territoire, entreprise, service, activit\u00e9 et m\u00e9tier<\/li>\n<li>Communiquer de fa\u00e7on responsable, inclusive, efficace et engageante<\/li>\n<li>Structurer l\u2019engagement de vos coll\u00e8gues et de votre direction, au sein de votre entreprise ou de votre service<\/li>\n<li>Mettre en \u0153uvre une action ou initier un projet innovant \u00e0 l\u2019int\u00e9rieur de votre entreprise<\/li>\n<li>Lever les freins au changement par l\u2019identification des freins et biais cognitifs de votre interlocuteur et l\u2019utilisation de leviers<\/li>\n<\/ul>\n<p>[\/et_pb_text][\/et_pb_column][et_pb_column type=\u00a0\u00bb1_2&Prime; _builder_version=\u00a0\u00bb4.19.5&Prime; _module_preset=\u00a0\u00bbdefault\u00a0\u00bb global_colors_info=\u00a0\u00bb{}\u00a0\u00bb][et_pb_text _builder_version=\u00a0\u00bb4.22.2&Prime; _module_preset=\u00a0\u00bbdefault\u00a0\u00bb text_text_color=\u00a0\u00bb#000000&Prime; min_height=\u00a0\u00bb315.2px\u00a0\u00bb custom_margin=\u00a0\u00bb||33px|||\u00a0\u00bb custom_padding=\u00a0\u00bb12px||34px|12px|false|false\u00a0\u00bb border_radii=\u00a0\u00bbon|5px|5px|5px|5px\u00a0\u00bb border_width_all=\u00a0\u00bb2px\u00a0\u00bb global_colors_info=\u00a0\u00bb{}\u00a0\u00bb]<\/p>\n<h3 style=\"text-align: center;\">APR\u00c8S LA FORMATION, VOUS POURREZ&#8230;<\/h3>\n<ul>\n<li>Sensibiliser et accompagner vos coll\u00e8gues et votre direction<\/li>\n<li>Cr\u00e9er et animer un collectif de salari\u00e9s engag\u00e9s<\/li>\n<li>Mettre en \u0153uvre des actions pour r\u00e9duire l\u2019impact de votre m\u00e9tier, vos activit\u00e9s<\/li>\n<li>Lancer des projets pour r\u00e9duire l\u2019impact social et \u00e9cologique de votre entreprise<\/li>\n<li>D\u00e9velopper votre r\u00e9seau en rencontrant les parties prenantes de votre entreprise et de votre territoire<\/li>\n<\/ul>\n<p>[\/et_pb_text][\/et_pb_column][\/et_pb_row][et_pb_row _builder_version=\u00a0\u00bb4.19.5&Prime; _module_preset=\u00a0\u00bbdefault\u00a0\u00bb global_colors_info=\u00a0\u00bb{}\u00a0\u00bb][et_pb_column type=\u00a0\u00bb4_4&Prime; _builder_version=\u00a0\u00bb4.19.5&Prime; _module_preset=\u00a0\u00bbdefault\u00a0\u00bb global_colors_info=\u00a0\u00bb{}\u00a0\u00bb][et_pb_divider show_divider_tablet=\u00a0\u00bbon\u00a0\u00bb show_divider_phone=\u00a0\u00bbon\u00a0\u00bb show_divider_last_edited=\u00a0\u00bbon|phone\u00a0\u00bb _builder_version=\u00a0\u00bb4.19.5&Prime; _module_preset=\u00a0\u00bbdefault\u00a0\u00bb global_colors_info=\u00a0\u00bb{}\u00a0\u00bb][\/et_pb_divider][et_pb_text admin_label=\u00a0\u00bbContenu intro\u00a0\u00bb _builder_version=\u00a0\u00bb4.22.2&Prime; _module_preset=\u00a0\u00bbdefault\u00a0\u00bb custom_padding=\u00a0\u00bb||11px|||\u00a0\u00bb global_colors_info=\u00a0\u00bb{}\u00a0\u00bb]<\/p>\n<h3 style=\"text-align: center;\"><strong>Contenu d\u00e9taill\u00e9<\/strong><\/h3>\n<p>&nbsp;<\/p>\n<p style=\"text-align: center;\"><strong>Le Pass Volontaire Environnement contient les ressources p\u00e9dagogiques suivantes :<\/strong><\/p>\n<p>[\/et_pb_text][\/et_pb_column][\/et_pb_row][et_pb_row column_structure=\u00a0\u00bb1_2,1_2&Prime; admin_label=\u00a0\u00bbContenu d\u00e9taill\u00e9 titre\u00a0\u00bb _builder_version=\u00a0\u00bb4.19.5&Prime; _module_preset=\u00a0\u00bbdefault\u00a0\u00bb custom_margin=\u00a0\u00bb|auto|-55px|auto||\u00a0\u00bb global_colors_info=\u00a0\u00bb{}\u00a0\u00bb][et_pb_column type=\u00a0\u00bb1_2&Prime; _builder_version=\u00a0\u00bb4.19.5&Prime; _module_preset=\u00a0\u00bbdefault\u00a0\u00bb global_colors_info=\u00a0\u00bb{}\u00a0\u00bb][et_pb_text _builder_version=\u00a0\u00bb4.19.5&Prime; _module_preset=\u00a0\u00bbdefault\u00a0\u00bb global_colors_info=\u00a0\u00bb{}\u00a0\u00bb]<\/p>\n<h3 style=\"text-align: center;\"><strong>Comprendre les enjeux<\/strong><\/h3>\n<p>&nbsp;<\/p>\n<p>&nbsp;<\/p>\n<p>[\/et_pb_text][\/et_pb_column][et_pb_column type=\u00a0\u00bb1_2&Prime; _builder_version=\u00a0\u00bb4.19.5&Prime; _module_preset=\u00a0\u00bbdefault\u00a0\u00bb global_colors_info=\u00a0\u00bb{}\u00a0\u00bb][et_pb_text _builder_version=\u00a0\u00bb4.19.5&Prime; _module_preset=\u00a0\u00bbdefault\u00a0\u00bb global_colors_info=\u00a0\u00bb{}\u00a0\u00bb]<\/p>\n<h3 style=\"text-align: center;\"><strong>Savoir mettre en \u0153uvre un projet environnemental, social et solidaire en intrapreneuriat<\/strong><\/h3>\n<p>&nbsp;<\/p>\n<p>[\/et_pb_text][\/et_pb_column][\/et_pb_row][et_pb_row column_structure=\u00a0\u00bb1_2,1_2&Prime; admin_label=\u00a0\u00bbcontenu d\u00e9taill\u00e9\u00a0\u00bb _builder_version=\u00a0\u00bb4.19.5&Prime; _module_preset=\u00a0\u00bbdefault\u00a0\u00bb custom_padding=\u00a0\u00bb||0px|||\u00a0\u00bb collapsed=\u00a0\u00bbon\u00a0\u00bb global_colors_info=\u00a0\u00bb{}\u00a0\u00bb][et_pb_column type=\u00a0\u00bb1_2&Prime; _builder_version=\u00a0\u00bb4.19.5&Prime; _module_preset=\u00a0\u00bbdefault\u00a0\u00bb global_colors_info=\u00a0\u00bb{}\u00a0\u00bb][et_pb_text _builder_version=\u00a0\u00bb4.22.2&Prime; _module_preset=\u00a0\u00bbdefault\u00a0\u00bb text_text_color=\u00a0\u00bb#000000&Prime; custom_padding=\u00a0\u00bb|||12px|false|false\u00a0\u00bb border_radii=\u00a0\u00bbon|5px|5px|5px|5px\u00a0\u00bb border_width_all=\u00a0\u00bb2px\u00a0\u00bb global_colors_info=\u00a0\u00bb{}\u00a0\u00bb]<\/p>\n<h4 style=\"text-align: center;\"><strong>Modules E-learning \u00ab Enjeux \u00bb<\/strong><\/h4>\n<ul>\n<li>L&rsquo;histoire du rapport de l&rsquo;occident \u00e0 la nature<\/li>\n<li>La place du citoyen dans le D\u00e9veloppement Durable : l&rsquo;\u00e9thique et la responsabilit\u00e9<\/li>\n<li>Les enjeux de la transition : climat &amp; pollution<\/li>\n<li>Les enjeux de la transition : biodiversit\u00e9 &amp; ressources<\/li>\n<li>Les origines de la Responsabilit\u00e9 Soci\u00e9tale de l&rsquo;Entreprise<\/li>\n<li>La RSE aujourd&rsquo;hui en France et \u00e0 l&rsquo;international<\/li>\n<li>Le droit et la norme dans l&rsquo;entreprise<\/li>\n<li>Les enjeux de la transition : \u00e9nergie<\/li>\n<li>Les enjeux de la transition : les d\u00e9placements<\/li>\n<li>Les diff\u00e9rentes visions du D\u00e9veloppement Durable<\/li>\n<li>Les fondamentaux l\u00e9gislatifs du D\u00e9veloppement Durable<\/li>\n<li>Les diff\u00e9rentes \u00e9conomies du D\u00e9veloppement Durable<\/li>\n<li>Le Volontaire Environnement face aux enjeux et dissonances au travail<\/li>\n<li>L&#8217;empowerment en entreprise<\/li>\n<li>Les enjeux de la transition : le contenu de nos assiettes<\/li>\n<li>Les enjeux de la transition : notre consommation<\/li>\n<li>Qu&rsquo;est-ce que le changement ?<\/li>\n<li>Pourquoi le changement est-il difficile ?<\/li>\n<\/ul>\n<p>[\/et_pb_text][\/et_pb_column][et_pb_column type=\u00a0\u00bb1_2&Prime; _builder_version=\u00a0\u00bb4.19.5&Prime; _module_preset=\u00a0\u00bbdefault\u00a0\u00bb global_colors_info=\u00a0\u00bb{}\u00a0\u00bb][et_pb_text _builder_version=\u00a0\u00bb4.22.2&Prime; _module_preset=\u00a0\u00bbdefault\u00a0\u00bb text_text_color=\u00a0\u00bb#000000&Prime; min_height=\u00a0\u00bb535.9px\u00a0\u00bb custom_padding=\u00a0\u00bb|||12px|false|false\u00a0\u00bb border_radii=\u00a0\u00bbon|5px|5px|5px|5px\u00a0\u00bb border_width_all=\u00a0\u00bb2px\u00a0\u00bb global_colors_info=\u00a0\u00bb{}\u00a0\u00bb]<\/p>\n<h4 style=\"text-align: center;\"><strong>Modules E-learning \u00ab Mettre en \u0153uvre \u00bb<\/strong><\/h4>\n<ul>\n<li><span>Les pistes vers une transition : lieux de vie<\/span><\/li>\n<li><span>Intraprenariat<\/span><\/li>\n<li><span>Le groupe comme vecteur de changement<\/span><\/li>\n<li><span>S&rsquo;investir ou s&rsquo;engager dans le collectif<\/span><\/li>\n<li><span>Trouver des enjeux communs &amp; d\u00e9velopper ses arguments<\/span><\/li>\n<li><span>Les pistes vers une transition : d\u00e9placements<\/span><\/li>\n<li><span>La RSE de demain : Partie 1<\/span><\/li>\n<li><span>La RSE de demain : Partie 2<\/span><\/li>\n<li><span>Les pistes vers une transition : le contenu de nos assiettes<\/span><\/li>\n<li><span>Analyse critique de texte<\/span><\/li>\n<li><span>M\u00e9thodologie de projet et de cr\u00e9ation d&rsquo;un collectif<\/span><\/li>\n<li><span>Les biais cognitifs en communication<\/span><\/li>\n<li><span>Utiliser la communication engageante<\/span><\/li>\n<li><span>Les pistes vers une transition : consommation<\/span><\/li>\n<li><span>Les pistes vers une transition : le num\u00e9rique responsable<\/span><\/li>\n<li><span>Leviers et pistes d&rsquo;actions pour le Volontaire Environnement<\/span><\/li>\n<li><span>Un frein aux changements : les repr\u00e9sentations sociales<\/span><\/li>\n<li><span>Les moteurs du changement<\/span><\/li>\n<\/ul>\n<p>[\/et_pb_text][\/et_pb_column][\/et_pb_row][et_pb_row column_structure=\u00a0\u00bb1_2,1_2&Prime; admin_label=\u00a0\u00bbcontenu d\u00e9taill\u00e9\u00a0\u00bb _builder_version=\u00a0\u00bb4.19.5&Prime; _module_preset=\u00a0\u00bbdefault\u00a0\u00bb custom_padding=\u00a0\u00bb14px|||||\u00a0\u00bb collapsed=\u00a0\u00bbon\u00a0\u00bb global_colors_info=\u00a0\u00bb{}\u00a0\u00bb][et_pb_column type=\u00a0\u00bb1_2&Prime; _builder_version=\u00a0\u00bb4.19.5&Prime; _module_preset=\u00a0\u00bbdefault\u00a0\u00bb global_colors_info=\u00a0\u00bb{}\u00a0\u00bb][et_pb_text _builder_version=\u00a0\u00bb4.22.2&Prime; _module_preset=\u00a0\u00bbdefault\u00a0\u00bb text_text_color=\u00a0\u00bb#000000&Prime; custom_padding=\u00a0\u00bb|||12px|false|false\u00a0\u00bb border_radii=\u00a0\u00bbon|5px|5px|5px|5px\u00a0\u00bb border_width_all=\u00a0\u00bb2px\u00a0\u00bb global_colors_info=\u00a0\u00bb{}\u00a0\u00bb]<\/p>\n<h4 style=\"text-align: center;\"><strong>Journ\u00e9e pr\u00e9sentielle \u00ab Enjeux \u00bb<\/strong><\/h4>\n<ul>\n<li>Atelier Timeline : Histoire du D\u00e9veloppement Durable<\/li>\n<li>Atelier Empowerment : La place de l&rsquo;\u00e9cocitoyen en entreprise<\/li>\n<li>Les cadres d&rsquo;engagement du D\u00e9veloppement Durable dans l&rsquo;entreprise<\/li>\n<li>Les postures d\u2019accompagnement<\/li>\n<li>Les \u00e9tapes du changement<\/li>\n<li>Anayse de rapports RSE<\/li>\n<\/ul>\n<p>[\/et_pb_text][\/et_pb_column][et_pb_column type=\u00a0\u00bb1_2&Prime; _builder_version=\u00a0\u00bb4.19.5&Prime; _module_preset=\u00a0\u00bbdefault\u00a0\u00bb global_colors_info=\u00a0\u00bb{}\u00a0\u00bb][et_pb_text _builder_version=\u00a0\u00bb4.22.2&Prime; _module_preset=\u00a0\u00bbdefault\u00a0\u00bb text_text_color=\u00a0\u00bb#000000&Prime; custom_margin=\u00a0\u00bb||-510px|||\u00a0\u00bb custom_padding=\u00a0\u00bb||28px|12px|false|false\u00a0\u00bb border_radii=\u00a0\u00bbon|5px|5px|5px|5px\u00a0\u00bb border_width_all=\u00a0\u00bb2px\u00a0\u00bb global_colors_info=\u00a0\u00bb{}\u00a0\u00bb]<\/p>\n<h4 style=\"text-align: center;\"><strong>Journ\u00e9e pr\u00e9sentielle \u00ab Mettre en \u0153uvre \u00bb<\/strong><\/h4>\n<ul>\n<li>Atelier pour lancer un projet et cr\u00e9er sa FEVE<\/li>\n<li>Atelier de communication responsable et engageante<\/li>\n<li>Nourrir son collectif<\/li>\n<li>Les freins possibles d&rsquo;un projet<\/li>\n<li>Atelier : animer sa FEVE<\/li>\n<\/ul>\n<p>[\/et_pb_text][\/et_pb_column][\/et_pb_row][et_pb_row admin_label=\u00a0\u00bbLigne Modalit\u00e9s d&rsquo;\u00e9valuation\u00a0\u00bb _builder_version=\u00a0\u00bb4.19.5&Prime; _module_preset=\u00a0\u00bbdefault\u00a0\u00bb width=\u00a0\u00bbauto\u00a0\u00bb module_alignment=\u00a0\u00bbcenter\u00a0\u00bb custom_margin=\u00a0\u00bb|auto|3px|auto||\u00a0\u00bb collapsed=\u00a0\u00bboff\u00a0\u00bb global_colors_info=\u00a0\u00bb{}\u00a0\u00bb][et_pb_column type=\u00a0\u00bb4_4&Prime; _builder_version=\u00a0\u00bb4.19.5&Prime; _module_preset=\u00a0\u00bbdefault\u00a0\u00bb global_colors_info=\u00a0\u00bb{}\u00a0\u00bb][et_pb_divider show_divider_tablet=\u00a0\u00bbon\u00a0\u00bb show_divider_phone=\u00a0\u00bbon\u00a0\u00bb show_divider_last_edited=\u00a0\u00bbon|tablet\u00a0\u00bb _builder_version=\u00a0\u00bb4.19.5&Prime; _module_preset=\u00a0\u00bbdefault\u00a0\u00bb custom_margin_tablet=\u00a0\u00bb187px||||false|false\u00a0\u00bb custom_margin_phone=\u00a0\u00bb215px||||false|false\u00a0\u00bb custom_margin_last_edited=\u00a0\u00bbon|phone\u00a0\u00bb global_colors_info=\u00a0\u00bb{}\u00a0\u00bb][\/et_pb_divider][et_pb_text content_tablet=\u00a0\u00bb<\/p>\n<h3 style=%22text-align: center;%22><strong>Modalit\u00e9s d&rsquo;\u00e9valuation<\/strong><\/h3>\n<p style=%22text-align: center;%22><strong>L&rsquo;examen de certification ATESE (\u00ab Accompagner la Transition Ecologique et Solidaire en Entreprise \u00bb) est pass\u00e9 par chaque apprenant \u00e0 la fin de la formation.<\/strong><\/p>\n<p>\u00a0\u00bb content_phone=\u00a0\u00bb<\/p>\n<h3 style=%22text-align: center;%22><strong>Modalit\u00e9s d&rsquo;\u00e9valuation<\/strong><\/h3>\n<p style=%22text-align: center;%22><strong>L&rsquo;examen de certification ATESE (\u00ab Accompagner la Transition Ecologique et Solidaire en Entreprise \u00bb) est pass\u00e9 par chaque apprenant \u00e0 la fin de la formation.<\/strong><\/p>\n<p>\u00a0\u00bb content_last_edited=\u00a0\u00bbon|tablet\u00a0\u00bb admin_label=\u00a0\u00bbModalit\u00e9s d&rsquo;\u00e9valuation\u00a0\u00bb _builder_version=\u00a0\u00bb4.22.2&Prime; _module_preset=\u00a0\u00bbdefault\u00a0\u00bb text_text_color=\u00a0\u00bb#000000&Prime; custom_margin_tablet=\u00a0\u00bb-3px||||false|false\u00a0\u00bb custom_margin_phone=\u00a0\u00bb-25px||||false|false\u00a0\u00bb custom_margin_last_edited=\u00a0\u00bbon|desktop\u00a0\u00bb global_colors_info=\u00a0\u00bb{}\u00a0\u00bb]<\/p>\n<h3 style=\"text-align: center;\"><strong>Modalit\u00e9s d&rsquo;\u00e9valuation<\/strong><\/h3>\n<p style=\"text-align: center;\"><strong>L&rsquo;examen de certification ATESE (\u00ab Accompagner la Transition Ecologique et Solidaire en Entreprise \u00bb) est pass\u00e9 par chaque apprenant \u00e0 la fin de la formation.<\/strong><\/p>\n<p>[\/et_pb_text][et_pb_button button_url=\u00a0\u00bb@ET-DC@eyJkeW5hbWljIjp0cnVlLCJjb250ZW50IjoicG9zdF9saW5rX3VybF9wYWdlIiwic2V0dGluZ3MiOnsicG9zdF9pZCI6IjE4OTkifX0=@\u00a0\u00bb button_text=\u00a0\u00bbCertification ATESE : informations d\u00e9taill\u00e9es\u00a0\u00bb button_alignment=\u00a0\u00bbcenter\u00a0\u00bb _builder_version=\u00a0\u00bb4.19.5&Prime; _dynamic_attributes=\u00a0\u00bbbutton_url\u00a0\u00bb _module_preset=\u00a0\u00bbdefault\u00a0\u00bb global_colors_info=\u00a0\u00bb{}\u00a0\u00bb][\/et_pb_button][\/et_pb_column][\/et_pb_row][\/et_pb_section][et_pb_section fb_built=\u00a0\u00bb1&Prime; admin_label=\u00a0\u00bbSection t\u00e9moignages\u00a0\u00bb module_id=\u00a0\u00bbils_temoignent\u00a0\u00bb _builder_version=\u00a0\u00bb4.19.5&Prime; _module_preset=\u00a0\u00bbdefault\u00a0\u00bb custom_margin=\u00a0\u00bb-129px|||||\u00a0\u00bb custom_padding=\u00a0\u00bb0px|||||\u00a0\u00bb collapsed=\u00a0\u00bbon\u00a0\u00bb global_colors_info=\u00a0\u00bb{}\u00a0\u00bb][et_pb_row admin_label=\u00a0\u00bbIls t\u00e9moignent\u00a0\u00bb _builder_version=\u00a0\u00bb4.19.5&Prime; _module_preset=\u00a0\u00bbdefault\u00a0\u00bb min_height=\u00a0\u00bb57.1px\u00a0\u00bb custom_margin=\u00a0\u00bb-5px|auto||auto|false|false\u00a0\u00bb custom_padding=\u00a0\u00bb147px||||false|false\u00a0\u00bb global_colors_info=\u00a0\u00bb{}\u00a0\u00bb][et_pb_column type=\u00a0\u00bb4_4&Prime; _builder_version=\u00a0\u00bb4.19.5&Prime; _module_preset=\u00a0\u00bbdefault\u00a0\u00bb global_colors_info=\u00a0\u00bb{}\u00a0\u00bb][et_pb_text _builder_version=\u00a0\u00bb4.22.2&Prime; _module_preset=\u00a0\u00bbdefault\u00a0\u00bb text_text_color=\u00a0\u00bb#000000&Prime; custom_margin_tablet=\u00a0\u00bb\u00a0\u00bb custom_margin_phone=\u00a0\u00bb\u00a0\u00bb custom_margin_last_edited=\u00a0\u00bbon|tablet\u00a0\u00bb custom_padding=\u00a0\u00bb66px|||||\u00a0\u00bb global_colors_info=\u00a0\u00bb{}\u00a0\u00bb]<\/p>\n<h2 style=\"text-align: center;\"><strong>Ils t\u00e9moignent &#8230;<\/strong><\/h2>\n<p><strong><\/strong><\/p>\n<p style=\"text-align: center;\"><strong>Interview\u00e9s par notre partenaire<a href=\"https:\/\/www.catalys-conseil.fr\" target=\"_blank\" rel=\"noopener\">\u00a0Catalys Conseil<\/a>, des stagiaires d&rsquo;une formation Volontaire Environnement anim\u00e9e par des formateurs du <a href=\"https:\/\/reseaufeve.org\" target=\"_blank\" rel=\"noopener\">R\u00e9seau FEVE<\/a> t\u00e9moignent de leur v\u00e9cu.<\/strong><\/p>\n<p>[\/et_pb_text][\/et_pb_column][\/et_pb_row][et_pb_row column_structure=\u00a0\u00bb1_2,1_2&Prime; admin_label=\u00a0\u00bbT\u00e9moignages\u00a0\u00bb _builder_version=\u00a0\u00bb4.19.5&Prime; _module_preset=\u00a0\u00bbdefault\u00a0\u00bb collapsed=\u00a0\u00bbon\u00a0\u00bb global_colors_info=\u00a0\u00bb{}\u00a0\u00bb][et_pb_column type=\u00a0\u00bb1_2&Prime; _builder_version=\u00a0\u00bb4.19.5&Prime; _module_preset=\u00a0\u00bbdefault\u00a0\u00bb global_colors_info=\u00a0\u00bb{}\u00a0\u00bb][et_pb_text _builder_version=\u00a0\u00bb4.19.5&Prime; _module_preset=\u00a0\u00bbdefault\u00a0\u00bb global_colors_info=\u00a0\u00bb{}\u00a0\u00bb]<iframe loading=\"lazy\" width=\"560\" height=\"315\" src=\"https:\/\/www.youtube.com\/embed\/u7YY2WRigEc\" title=\"YouTube video player\" frameborder=\"0\" allow=\"accelerometer; autoplay; clipboard-write; encrypted-media; gyroscope; picture-in-picture; web-share\" allowfullscreen><\/iframe>[\/et_pb_text][\/et_pb_column][et_pb_column type=\u00a0\u00bb1_2&Prime; _builder_version=\u00a0\u00bb4.19.5&Prime; _module_preset=\u00a0\u00bbdefault\u00a0\u00bb global_colors_info=\u00a0\u00bb{}\u00a0\u00bb][et_pb_text _builder_version=\u00a0\u00bb4.19.5&Prime; _module_preset=\u00a0\u00bbdefault\u00a0\u00bb global_colors_info=\u00a0\u00bb{}\u00a0\u00bb]<iframe loading=\"lazy\" width=\"560\" height=\"315\" src=\"https:\/\/www.youtube.com\/embed\/q-Jm3lLAF_I\" title=\"YouTube video player\" frameborder=\"0\" allow=\"accelerometer; autoplay; clipboard-write; encrypted-media; gyroscope; picture-in-picture; web-share\" allowfullscreen><\/iframe>[\/et_pb_text][\/et_pb_column][\/et_pb_row][et_pb_row column_structure=\u00a0\u00bb1_2,1_2&Prime; admin_label=\u00a0\u00bbT\u00e9moignages\u00a0\u00bb _builder_version=\u00a0\u00bb4.19.5&Prime; _module_preset=\u00a0\u00bbdefault\u00a0\u00bb collapsed=\u00a0\u00bboff\u00a0\u00bb global_colors_info=\u00a0\u00bb{}\u00a0\u00bb][et_pb_column type=\u00a0\u00bb1_2&Prime; _builder_version=\u00a0\u00bb4.19.5&Prime; _module_preset=\u00a0\u00bbdefault\u00a0\u00bb global_colors_info=\u00a0\u00bb{}\u00a0\u00bb][et_pb_text _builder_version=\u00a0\u00bb4.19.5&Prime; _module_preset=\u00a0\u00bbdefault\u00a0\u00bb global_colors_info=\u00a0\u00bb{}\u00a0\u00bb]<iframe loading=\"lazy\" width=\"560\" height=\"315\" src=\"https:\/\/www.youtube.com\/embed\/exZp2l2OCk8\" title=\"YouTube video player\" frameborder=\"0\" allow=\"accelerometer; autoplay; clipboard-write; encrypted-media; gyroscope; picture-in-picture; web-share\" allowfullscreen><\/iframe>[\/et_pb_text][\/et_pb_column][et_pb_column type=\u00a0\u00bb1_2&Prime; _builder_version=\u00a0\u00bb4.19.5&Prime; _module_preset=\u00a0\u00bbdefault\u00a0\u00bb global_colors_info=\u00a0\u00bb{}\u00a0\u00bb][et_pb_text _builder_version=\u00a0\u00bb4.19.5&Prime; _module_preset=\u00a0\u00bbdefault\u00a0\u00bb custom_padding=\u00a0\u00bb||0px|||\u00a0\u00bb global_colors_info=\u00a0\u00bb{}\u00a0\u00bb][\/et_pb_text][\/et_pb_column][\/et_pb_row][\/et_pb_section][et_pb_section fb_built=\u00a0\u00bb1&Prime; admin_label=\u00a0\u00bbSection en savoir plus\u00a0\u00bb _builder_version=\u00a0\u00bb4.19.5&Prime; _module_preset=\u00a0\u00bbdefault\u00a0\u00bb min_height=\u00a0\u00bb749.2px\u00a0\u00bb custom_margin=\u00a0\u00bb||86px|||\u00a0\u00bb global_colors_info=\u00a0\u00bb{}\u00a0\u00bb][et_pb_row admin_label=\u00a0\u00bbLigne Je veux en savoir plus\u00a0\u00bb _builder_version=\u00a0\u00bb4.19.5&Prime; _module_preset=\u00a0\u00bbdefault\u00a0\u00bb width=\u00a0\u00bbauto\u00a0\u00bb module_alignment=\u00a0\u00bbcenter\u00a0\u00bb collapsed=\u00a0\u00bboff\u00a0\u00bb global_colors_info=\u00a0\u00bb{}\u00a0\u00bb][et_pb_column type=\u00a0\u00bb4_4&Prime; _builder_version=\u00a0\u00bb4.19.5&Prime; _module_preset=\u00a0\u00bbdefault\u00a0\u00bb global_colors_info=\u00a0\u00bb{}\u00a0\u00bb][et_pb_divider _builder_version=\u00a0\u00bb4.19.5&Prime; _module_preset=\u00a0\u00bbdefault\u00a0\u00bb global_colors_info=\u00a0\u00bb{}\u00a0\u00bb][\/et_pb_divider][et_pb_text admin_label=\u00a0\u00bbJe veux en savoir plus\u00a0\u00bb _builder_version=\u00a0\u00bb4.19.5&Prime; _module_preset=\u00a0\u00bbdefault\u00a0\u00bb global_colors_info=\u00a0\u00bb{}\u00a0\u00bb]<\/p>\n<h2 style=\"text-align: center;\"><strong>Je veux en savoir plus&#8230;<\/strong><\/h2>\n<p>[\/et_pb_text][\/et_pb_column][\/et_pb_row][et_pb_row _builder_version=\u00a0\u00bb4.19.5&Prime; _module_preset=\u00a0\u00bbdefault\u00a0\u00bb global_colors_info=\u00a0\u00bb{}\u00a0\u00bb][et_pb_column type=\u00a0\u00bb4_4&Prime; _builder_version=\u00a0\u00bb4.19.5&Prime; _module_preset=\u00a0\u00bbdefault\u00a0\u00bb global_colors_info=\u00a0\u00bb{}\u00a0\u00bb][et_pb_tabs _builder_version=\u00a0\u00bb4.22.2&Prime; _module_preset=\u00a0\u00bbdefault\u00a0\u00bb global_colors_info=\u00a0\u00bb{}\u00a0\u00bb][et_pb_tab title=\u00a0\u00bbJe suis candidat, entreprise, CSE\u00a0\u00bb _builder_version=\u00a0\u00bb4.22.2&Prime; _module_preset=\u00a0\u00bbdefault\u00a0\u00bb body_text_color=\u00a0\u00bb#000000&Prime; global_colors_info=\u00a0\u00bb{}\u00a0\u00bb]<\/p>\n<p>Candidat, Entreprise, CSE. Int\u00e9ress\u00e9 par la formation Volontaire Environnement ?<\/p>\n<p><strong>Contactez un Organisme de formation habilit\u00e9 par Kapass :<\/strong><\/p>\n<p>&nbsp;<\/p>\n<table border=\"1\" style=\"border-collapse: collapse; width: 100%; height: 72px;\">\n<tbody>\n<tr style=\"height: 24px;\">\n<td style=\"width: 33.3333%; text-align: center; height: 24px;\"><strong>Nom de l&rsquo;Organisme de formation<\/strong><\/td>\n<td style=\"width: 33.3333%; text-align: center; height: 24px;\"><strong>Site internet<\/strong><\/td>\n<td style=\"width: 33.3333%; text-align: center; height: 24px;\"><strong>Contact<\/strong><\/td>\n<\/tr>\n<tr style=\"height: 24px;\">\n<td style=\"width: 33.3333%; height: 24px; text-align: center;\"><strong>Catalys Conseil<\/strong><\/td>\n<td style=\"width: 33.3333%; height: 24px; text-align: center;\">\n<p><a href=\"https:\/\/www.catalys-conseil.fr\/expertises-organisations\/formation\/\" target=\"_blank\" rel=\"noopener\">Formation &#8211; CATALYS Conseil (catalys-conseil.fr)<\/a><\/p>\n<p><a href=\"https:\/\/www.catalys-conseil.fr\/app\/uploads\/2023\/03\/Plaquette-VE-WEB.pdf\" target=\"_blank\" rel=\"noopener\" title=\"Plaquette pr\u00e9sentation VE Catalys Conseil\">Plaquette de pr\u00e9sentation de la formation<\/a><\/p>\n<\/td>\n<td style=\"width: 33.3333%; height: 24px; text-align: center;\">Responsable formation : C\u00e9line Chatelier<br \/>Mail : <a href=\"mailto:celine.chatelier@catalys-conseil.fr\">celine.chatelier@catalys-conseil.fr<\/a><br \/>Tel : <span style=\"font-size: 14px;\"> <a href=\"tel:06 80 82 77 07\">06 80 82 77 07<\/a><\/span><\/td>\n<\/tr>\n<tr style=\"height: 24px;\">\n<td style=\"width: 33.3333%; height: 24px; text-align: center;\"><strong>K\u00e8pos<\/strong><\/td>\n<td style=\"width: 33.3333%; height: 24px; text-align: center;\"><a href=\"https:\/\/www.kepos.fr\" target=\"_blank\" rel=\"noopener\">https:\/\/www.kepos.fr<\/a><\/td>\n<td style=\"width: 33.3333%; height: 24px;\"><a href=\"mailto:contact@kepos.fr\">contact@kepos.fr<\/a> &#8211; Tel : <span style=\"font-size: 14px;\"> <a href=\"tel:06 83 89 17 08\">06 83 89 17 08<\/a><\/span><\/td>\n<\/tr>\n<\/tbody>\n<\/table>\n<p>[\/et_pb_tab][et_pb_tab title=\u00a0\u00bbJe suis organisme de formation\u00a0\u00bb _builder_version=\u00a0\u00bb4.22.2&Prime; _module_preset=\u00a0\u00bbdefault\u00a0\u00bb body_text_color=\u00a0\u00bb#000000&Prime; global_colors_info=\u00a0\u00bb{}\u00a0\u00bb]<\/p>\n<p style=\"text-align: center;\"><strong>Les licences \u00ab Pass Volontaire Environnement \u00bb<\/strong>, r\u00e9serv\u00e9es aux Organismes de Formation habilit\u00e9s par Kapass,<strong> ouvrent droit \u00e0 l&rsquo;acc\u00e8s aux<\/strong><strong>\u00a0\u00e9l\u00e9ments suivants<\/strong> :<\/p>\n<ul>\n<li><strong>Modules e-learning \u00e0 destination des apprenants<\/strong> \u00a0(<em>un droit d&rsquo;acc\u00e8s aux modules e-learning par Pass<\/em>)<\/li>\n<li><strong>Ressources p\u00e9dagogiques \u00e0 destination des formateurs<\/strong> pour les 2 jours de pr\u00e9sentiel<\/li>\n<li><strong>Inscription \u00e0 l&rsquo;examen de certification ATESE<\/strong> validant les comp\u00e9tences acquises (une<em>\u00a0inscription \u00e0 l&rsquo;examen par Pass<\/em>)<\/li>\n<\/ul>\n<p>&nbsp;<\/p>\n<p>[\/et_pb_tab][\/et_pb_tabs][et_pb_button button_url=\u00a0\u00bb@ET-DC@eyJkeW5hbWljIjp0cnVlLCJjb250ZW50IjoicG9zdF9saW5rX3VybF9wYWdlIiwic2V0dGluZ3MiOnsicG9zdF9pZCI6IjE4MzYifX0=@\u00a0\u00bb button_text=\u00a0\u00bbNous contacter\u00a0\u00bb button_alignment=\u00a0\u00bbcenter\u00a0\u00bb admin_label=\u00a0\u00bbBouton nous contacter\u00a0\u00bb _builder_version=\u00a0\u00bb4.19.5&Prime; _dynamic_attributes=\u00a0\u00bbbutton_url\u00a0\u00bb _module_preset=\u00a0\u00bbdefault\u00a0\u00bb custom_margin=\u00a0\u00bb||-164px|||\u00a0\u00bb custom_padding=\u00a0\u00bb||||false|false\u00a0\u00bb global_colors_info=\u00a0\u00bb{}\u00a0\u00bb][\/et_pb_button][\/et_pb_column][\/et_pb_row][\/et_pb_section]<\/p>\n","protected":false},"excerpt":{"rendered":"<p>\u00ab Volontaire Environnement \u00bb Une formation d\u00e9livr\u00e9e par les Organismes de formation partenaires de Kapass * La formation Volontaire Environnement a \u00e9t\u00e9 cr\u00e9\u00e9e en partenariat avec l&rsquo;association R\u00e9seau FEVE, &nbsp; Volontaire Environnement est cit\u00e9 par l&rsquo;ADEME dans sa publication \u00ab ECOTAF : la mobilisation \u00e9cologie des salari\u00e9s, Panorama des dispositifs de mobilisation en entreprise \u00bb [&hellip;]<\/p>\n","protected":false},"author":4,"featured_media":1968,"parent":0,"menu_order":0,"comment_status":"closed","ping_status":"closed","template":"","meta":{"_et_pb_use_builder":"on","_et_pb_old_content":"","_et_gb_content_width":"","footnotes":""},"class_list":["post-1967","page","type-page","status-publish","has-post-thumbnail","hentry"],"aioseo_notices":[],"_links":{"self":[{"href":"https:\/\/kapass.academy\/index.php\/wp-json\/wp\/v2\/pages\/1967","targetHints":{"allow":["GET"]}}],"collection":[{"href":"https:\/\/kapass.academy\/index.php\/wp-json\/wp\/v2\/pages"}],"about":[{"href":"https:\/\/kapass.academy\/index.php\/wp-json\/wp\/v2\/types\/page"}],"author":[{"embeddable":true,"href":"https:\/\/kapass.academy\/index.php\/wp-json\/wp\/v2\/users\/4"}],"replies":[{"embeddable":true,"href":"https:\/\/kapass.academy\/index.php\/wp-json\/wp\/v2\/comments?post=1967"}],"version-history":[{"count":101,"href":"https:\/\/kapass.academy\/index.php\/wp-json\/wp\/v2\/pages\/1967\/revisions"}],"predecessor-version":[{"id":2386,"href":"https:\/\/kapass.academy\/index.php\/wp-json\/wp\/v2\/pages\/1967\/revisions\/2386"}],"wp:featuredmedia":[{"embeddable":true,"href":"https:\/\/kapass.academy\/index.php\/wp-json\/wp\/v2\/media\/1968"}],"wp:attachment":[{"href":"https:\/\/kapass.academy\/index.php\/wp-json\/wp\/v2\/media?parent=1967"}],"curies":[{"name":"wp","href":"https:\/\/api.w.org\/{rel}","templated":true}]}}