{"id":1845,"date":"2023-01-03T17:15:02","date_gmt":"2023-01-03T16:15:02","guid":{"rendered":"https:\/\/kapass.academy\/?page_id=1845"},"modified":"2023-10-17T13:21:47","modified_gmt":"2023-10-17T11:21:47","slug":"termes-cles-de-la-transition","status":"publish","type":"page","link":"https:\/\/kapass.academy\/index.php\/termes-cles-de-la-transition\/","title":{"rendered":"Termes cl\u00e9s de la transition"},"content":{"rendered":"<p>[et_pb_section fb_built=\u00a0\u00bb1&Prime; _builder_version=\u00a0\u00bb4.19.4&Prime; _module_preset=\u00a0\u00bbdefault\u00a0\u00bb collapsed=\u00a0\u00bbon\u00a0\u00bb global_colors_info=\u00a0\u00bb{}\u00a0\u00bb][et_pb_row _builder_version=\u00a0\u00bb4.21.0&Prime; _module_preset=\u00a0\u00bbdefault\u00a0\u00bb collapsed=\u00a0\u00bbon\u00a0\u00bb global_colors_info=\u00a0\u00bb{}\u00a0\u00bb][et_pb_column type=\u00a0\u00bb4_4&Prime; _builder_version=\u00a0\u00bb4.21.0&Prime; _module_preset=\u00a0\u00bbdefault\u00a0\u00bb global_colors_info=\u00a0\u00bb{}\u00a0\u00bb][et_pb_social_media_follow _builder_version=\u00a0\u00bb4.21.0&Prime; _module_preset=\u00a0\u00bbdefault\u00a0\u00bb text_orientation=\u00a0\u00bbcenter\u00a0\u00bb global_colors_info=\u00a0\u00bb{}\u00a0\u00bb][et_pb_social_media_follow_network social_network=\u00a0\u00bblinkedin\u00a0\u00bb url=\u00a0\u00bbhttps:\/\/www.linkedin.com\/company\/kapass\u00a0\u00bb _builder_version=\u00a0\u00bb4.21.0&Prime; _module_preset=\u00a0\u00bbdefault\u00a0\u00bb background_color=\u00a0\u00bb#007bb6&Prime; global_colors_info=\u00a0\u00bb{}\u00a0\u00bb follow_button=\u00a0\u00bboff\u00a0\u00bb url_new_window=\u00a0\u00bbon\u00a0\u00bb]linkedin[\/et_pb_social_media_follow_network][\/et_pb_social_media_follow][\/et_pb_column][\/et_pb_row][et_pb_row _builder_version=\u00a0\u00bb4.19.4&Prime; _module_preset=\u00a0\u00bbdefault\u00a0\u00bb collapsed=\u00a0\u00bbon\u00a0\u00bb global_colors_info=\u00a0\u00bb{}\u00a0\u00bb][et_pb_column type=\u00a0\u00bb4_4&Prime; _builder_version=\u00a0\u00bb4.19.4&Prime; _module_preset=\u00a0\u00bbdefault\u00a0\u00bb global_colors_info=\u00a0\u00bb{}\u00a0\u00bb][et_pb_text _builder_version=\u00a0\u00bb4.19.4&Prime; _module_preset=\u00a0\u00bbdefault\u00a0\u00bb header_letter_spacing=\u00a0\u00bb1px\u00a0\u00bb global_colors_info=\u00a0\u00bb{}\u00a0\u00bb]<\/p>\n<h1 style=\"text-align: center;\">Termes cl\u00e9s de la transition<\/h1>\n<p>&nbsp;<\/p>\n<p>KaPass propose une s\u00e9rie de <strong>microformations sur les termes cl\u00e9s de la transition<\/strong>,sous forme de courtes vid\u00e9os. De nouvelles vid\u00e9os sont r\u00e9guli\u00e8rement ajout\u00e9es.<\/p>\n<p>Ces vid\u00e9os sont \u00e9galement disponibles sur <strong>notre cha\u00eene YouTube : <a href=\"https:\/\/www.youtube.com\/@kapassAcademy\" target=\"_blank\" rel=\"noopener\">https:\/\/www.youtube.com\/@kapassAcademy<\/a><\/strong><\/p>\n<p><strong>Pour \u00eatre inform\u00e9s de la sortie des nouvelles vid\u00e9os et des articles de blog de Kapass, vous pouvez vous abonner \u00e0 notre newsletter\u00a0<\/strong><\/p>\n<p>[\/et_pb_text][et_pb_button button_url=\u00a0\u00bbhttps:\/\/kapass.academy\/index.php\/newletter\/\u00a0\u00bb url_new_window=\u00a0\u00bbon\u00a0\u00bb button_text=\u00a0\u00bbJe m&rsquo;abonne \u00e0 la newsletter Kapass\u00a0\u00bb button_alignment=\u00a0\u00bbcenter\u00a0\u00bb _builder_version=\u00a0\u00bb4.19.4&Prime; _module_preset=\u00a0\u00bbdefault\u00a0\u00bb global_colors_info=\u00a0\u00bb{}\u00a0\u00bb][\/et_pb_button][\/et_pb_column][\/et_pb_row][\/et_pb_section][et_pb_section fb_built=\u00a0\u00bb1&Prime; _builder_version=\u00a0\u00bb4.19.4&Prime; _module_preset=\u00a0\u00bbdefault\u00a0\u00bb global_colors_info=\u00a0\u00bb{}\u00a0\u00bb][et_pb_row column_structure=\u00a0\u00bb1_2,1_2&Prime; _builder_version=\u00a0\u00bb4.19.4&Prime; _module_preset=\u00a0\u00bbdefault\u00a0\u00bb custom_padding=\u00a0\u00bb0px|||||\u00a0\u00bb collapsed=\u00a0\u00bboff\u00a0\u00bb global_colors_info=\u00a0\u00bb{}\u00a0\u00bb][et_pb_column type=\u00a0\u00bb1_2&Prime; _builder_version=\u00a0\u00bb4.19.4&Prime; _module_preset=\u00a0\u00bbdefault\u00a0\u00bb global_colors_info=\u00a0\u00bb{}\u00a0\u00bb][et_pb_code admin_label=\u00a0\u00bbCode\u00a0\u00bb _builder_version=\u00a0\u00bb4.22.2&Prime; _module_preset=\u00a0\u00bbdefault\u00a0\u00bb hover_enabled=\u00a0\u00bb0&Prime; global_colors_info=\u00a0\u00bb{}\u00a0\u00bb sticky_enabled=\u00a0\u00bb0&Prime;]<iframe loading=\"lazy\" width=\"560\" height=\"315\" src=\"https:\/\/www.youtube.com\/embed\/CZ9tJuqNKTc\" title=\"YouTube video player\" frameborder=\"0\" allow=\"accelerometer; autoplay; clipboard-write; encrypted-media; gyroscope; picture-in-picture; web-share\" allowfullscreen><\/iframe>[\/et_pb_code][\/et_pb_column][et_pb_column type=\u00a0\u00bb1_2&Prime; _builder_version=\u00a0\u00bb4.19.4&Prime; _module_preset=\u00a0\u00bbdefault\u00a0\u00bb global_colors_info=\u00a0\u00bb{}\u00a0\u00bb][et_pb_text _builder_version=\u00a0\u00bb4.22.2&Prime; _module_preset=\u00a0\u00bbdefault\u00a0\u00bb global_colors_info=\u00a0\u00bb{}\u00a0\u00bb]<\/p>\n<p><strong>Sources : <\/strong><\/p>\n<ul>\n<li><strong><a href=\"http:\/\/geoconfluences.ens-lyon.fr\/glossaire\/transition\" target=\"_blank\" rel=\"noopener\">http:\/\/geoconfluences.ens-lyon.fr\/glossaire\/transition<\/a><\/strong><\/li>\n<li><a href=\"https:\/\/www.statistiques.developpement-durable.gouv.fr\/edition-numerique\/chiffres-cles-energie-2022\/12-international\" target=\"_blank\" rel=\"noopener\"><strong>https:\/\/www.statistiques.developpement-durable.gouv.fr\/edition-numerique\/chiffres-cles-energie-2022\/12-international<\/strong><\/a><\/li>\n<li><strong>Fressoz J.B, \u00ab <em>Sans transition<\/em>\u00a0\u00bb<\/strong>,\u00a0 \u00e0 para\u00eetre<\/li>\n<li><strong>Monin A., \u00ab <i>Politiser le renoncement<\/i>\u00a0\u00bb<\/strong>, Editions divergences, 2023<\/li>\n<\/ul>\n<p>[\/et_pb_text][\/et_pb_column][\/et_pb_row][et_pb_row column_structure=\u00a0\u00bb1_2,1_2&Prime; _builder_version=\u00a0\u00bb4.19.4&Prime; _module_preset=\u00a0\u00bbdefault\u00a0\u00bb custom_padding=\u00a0\u00bb0px|||||\u00a0\u00bb collapsed=\u00a0\u00bbon\u00a0\u00bb global_colors_info=\u00a0\u00bb{}\u00a0\u00bb][et_pb_column type=\u00a0\u00bb1_2&Prime; _builder_version=\u00a0\u00bb4.19.4&Prime; _module_preset=\u00a0\u00bbdefault\u00a0\u00bb global_colors_info=\u00a0\u00bb{}\u00a0\u00bb][et_pb_code _builder_version=\u00a0\u00bb4.21.0&Prime; _module_preset=\u00a0\u00bbdefault\u00a0\u00bb global_colors_info=\u00a0\u00bb{}\u00a0\u00bb]<iframe loading=\"lazy\" width=\"560\" height=\"315\" src=\"https:\/\/www.youtube.com\/embed\/uX5GSvN86pE\" title=\"YouTube video player\" frameborder=\"0\" allow=\"accelerometer; autoplay; clipboard-write; encrypted-media; gyroscope; picture-in-picture; web-share\" allowfullscreen><\/iframe>[\/et_pb_code][\/et_pb_column][et_pb_column type=\u00a0\u00bb1_2&Prime; _builder_version=\u00a0\u00bb4.19.4&Prime; _module_preset=\u00a0\u00bbdefault\u00a0\u00bb global_colors_info=\u00a0\u00bb{}\u00a0\u00bb][et_pb_text _builder_version=\u00a0\u00bb4.21.0&Prime; _module_preset=\u00a0\u00bbdefault\u00a0\u00bb global_colors_info=\u00a0\u00bb{}\u00a0\u00bb]<\/p>\n<p><strong>Sources : <\/strong><\/p>\n<ul>\n<li><strong>Matthew Crawford<\/strong>,<em><strong> \u00c9loge du carburateur<\/strong><\/em>, Essai sur le sens et la valeur du travail, La D\u00e9couverte, 2016<\/li>\n<li><strong>Isabelle Warin, \u00ab\u00a0<em>La notion de Techn\u00e8 en Gr\u00e8ce ancienne<\/em>\u00a0\u00bb<\/strong>, <i>Artefact<\/i> <a href=\"https:\/\/journals.openedition.org\/artefact\/11251\" target=\"_blank\" rel=\"noopener\">https:\/\/journals.openedition.org\/artefact\/11251<\/a><\/li>\n<li><strong>Low tech lab<\/strong>, <a href=\"https:\/\/lowtechlab.org\/fr\/la-low-tech\" target=\"_blank\" rel=\"noopener\">https:\/\/lowtechlab.org\/fr\/la-low-tech<\/a><\/li>\n<\/ul>\n<p>[\/et_pb_text][\/et_pb_column][\/et_pb_row][et_pb_row column_structure=\u00a0\u00bb1_2,1_2&Prime; _builder_version=\u00a0\u00bb4.19.4&Prime; _module_preset=\u00a0\u00bbdefault\u00a0\u00bb collapsed=\u00a0\u00bbon\u00a0\u00bb global_colors_info=\u00a0\u00bb{}\u00a0\u00bb][et_pb_column type=\u00a0\u00bb1_2&Prime; _builder_version=\u00a0\u00bb4.19.4&Prime; _module_preset=\u00a0\u00bbdefault\u00a0\u00bb global_colors_info=\u00a0\u00bb{}\u00a0\u00bb][et_pb_code _builder_version=\u00a0\u00bb4.20.4&Prime; _module_preset=\u00a0\u00bbdefault\u00a0\u00bb global_colors_info=\u00a0\u00bb{}\u00a0\u00bb]<iframe loading=\"lazy\" width=\"560\" height=\"315\" src=\"https:\/\/www.youtube.com\/embed\/1thQXnmZtH4\" title=\"YouTube video player\" frameborder=\"0\" allow=\"accelerometer; autoplay; clipboard-write; encrypted-media; gyroscope; picture-in-picture; web-share\" allowfullscreen><\/iframe>[\/et_pb_code][et_pb_code _builder_version=\u00a0\u00bb4.19.5&Prime; _module_preset=\u00a0\u00bbdefault\u00a0\u00bb global_colors_info=\u00a0\u00bb{}\u00a0\u00bb]<iframe loading=\"lazy\" width=\"560\" height=\"315\" src=\"https:\/\/www.youtube.com\/embed\/xclVPZoohHI\" title=\"YouTube video player\" frameborder=\"0\" allow=\"accelerometer; autoplay; clipboard-write; encrypted-media; gyroscope; picture-in-picture; web-share\" allowfullscreen><\/iframe>[\/et_pb_code][\/et_pb_column][et_pb_column type=\u00a0\u00bb1_2&Prime; _builder_version=\u00a0\u00bb4.19.4&Prime; _module_preset=\u00a0\u00bbdefault\u00a0\u00bb global_colors_info=\u00a0\u00bb{}\u00a0\u00bb][et_pb_text _builder_version=\u00a0\u00bb4.20.4&Prime; _module_preset=\u00a0\u00bbdefault\u00a0\u00bb global_colors_info=\u00a0\u00bb{}\u00a0\u00bb]<\/p>\n<p><strong>Sources : <\/strong><\/p>\n<ul>\n<li>Lovelock, J. &amp; Margulis, L. \u00ab\u00a0<strong>Atmospheric homeostasis by and for the biosphere\u00a0: the Gaia hypothesis<\/strong>.\u00a0\u00bb <i>Tellus<\/i>, 1974, 26(1-2), 2-10. (Sur l\u2019hypoth\u00e8se Ga\u00efa)<\/li>\n<li>Dutreuil, S. (2012). <strong>L\u2019hypoth\u00e8se Ga\u00efa : pourquoi s\u2019y int\u00e9resser m\u00eame si l\u2019on pense que la Terre n\u2019est pas un organisme ?<\/strong>\u00a0<i>Bulletin d\u2019histoire et d\u2019\u00e9pist\u00e9mologie des sciences de la vie<\/i>, 19, 229-241. <a href=\"https:\/\/doi.org\/10.3917\/bhesv.192.0229\" target=\"_blank\" rel=\"noopener\">https:\/\/doi.org\/10.3917\/bhesv.192.0229<\/a><\/li>\n<li>J. Rockstr\u00f6m (2009) : <a href=\"http:\/\/www.nature.com\/articles\/461472a\" target=\"_blank\" rel=\"noopener\">www.nature.com\/articles\/461472a<\/a><\/li>\n<li>W. Steffen (2015) : <a href=\"http:\/\/www.science.org\/doi\/10.1126\/science.1259855\" target=\"_blank\" rel=\"noopener\">www.science.org\/doi\/10.1126\/science.1259855<\/a><\/li>\n<li>K. Raworth (2017) : <a href=\"http:\/\/www.kateraworth.com\/doughnut\/\" target=\"_blank\" rel=\"noopener\">www.kateraworth.com\/doughnut\/<\/a><\/li>\n<li>Lan Wang-Erlandsson (2022) : <a href=\"http:\/\/www.nature.com\/articles\/s43017-022-00287-8\" target=\"_blank\" rel=\"noopener\">www.nature.com\/articles\/s43017-022-00287-8<\/a><\/li>\n<\/ul>\n<p>[\/et_pb_text][et_pb_text _builder_version=\u00a0\u00bb4.20.4&Prime; _module_preset=\u00a0\u00bbdefault\u00a0\u00bb global_colors_info=\u00a0\u00bb{}\u00a0\u00bb]<\/p>\n<ul>\n<li>Aristote<i>, Ethique \u00e0 Nicomaque<\/i><\/li>\n<li>Sobri\u00e9t\u00e9 : un incontournable de la transition \u00e9cologique (juin 2022) :\u00a0 <a href=\"https:\/\/infos.ademe.fr\/lettre-international-juin-2022\/sobriete-un-incontournable-de-la-transition-ecologique\" target=\"_blank\" rel=\"noopener\">https:\/\/infos.ademe.fr\/lettre-international-juin-2022\/sobriete-un-incontournable-de-la-transition-ecologique<\/a><\/li>\n<\/ul>\n<p>[\/et_pb_text][\/et_pb_column][\/et_pb_row][et_pb_row column_structure=\u00a0\u00bb1_2,1_2&Prime; _builder_version=\u00a0\u00bb4.19.4&Prime; _module_preset=\u00a0\u00bbdefault\u00a0\u00bb collapsed=\u00a0\u00bbon\u00a0\u00bb global_colors_info=\u00a0\u00bb{}\u00a0\u00bb][et_pb_column type=\u00a0\u00bb1_2&Prime; _builder_version=\u00a0\u00bb4.19.4&Prime; _module_preset=\u00a0\u00bbdefault\u00a0\u00bb global_colors_info=\u00a0\u00bb{}\u00a0\u00bb][et_pb_code _builder_version=\u00a0\u00bb4.19.4&Prime; _module_preset=\u00a0\u00bbdefault\u00a0\u00bb global_colors_info=\u00a0\u00bb{}\u00a0\u00bb]<iframe loading=\"lazy\" width=\"560\" height=\"315\" src=\"https:\/\/www.youtube.com\/embed\/JGax21msqKM\" title=\"YouTube video player\" frameborder=\"0\" allow=\"accelerometer; autoplay; clipboard-write; encrypted-media; gyroscope; picture-in-picture; web-share\" allowfullscreen><\/iframe>[\/et_pb_code][\/et_pb_column][et_pb_column type=\u00a0\u00bb1_2&Prime; _builder_version=\u00a0\u00bb4.19.4&Prime; _module_preset=\u00a0\u00bbdefault\u00a0\u00bb global_colors_info=\u00a0\u00bb{}\u00a0\u00bb][et_pb_text _builder_version=\u00a0\u00bb4.19.4&Prime; _module_preset=\u00a0\u00bbdefault\u00a0\u00bb global_colors_info=\u00a0\u00bb{}\u00a0\u00bb]<\/p>\n<p><strong>Sources : <\/strong><\/p>\n<ul>\n<li><a href=\"https:\/\/www.vie-publique.fr\/parole-dexpert\/271086-terre-climat-quest-ce-que-lanthropocene-ere-geologique\" target=\"_blank\" rel=\"noopener\">https:\/\/www.vie-publique.fr\/parole-dexpert\/271086-terre-climat-quest-ce-que-lanthropocene-ere-geologique<\/a> (introduction sur le terme)<\/li>\n<li><a href=\"https:\/\/www.pnas.org\/doi\/10.1073\/pnas.1809600115\" target=\"_blank\" rel=\"noopener\">https:\/\/www.pnas.org\/doi\/10.1073\/pnas.1809600115<\/a> (Article duquel a \u00e9t\u00e9 tir\u00e9e l\u2019Illustration sur l\u2019\u00e9volution du climat)<\/li>\n<li><a href=\"https:\/\/fr.unesco.org\/courier\/2018-2\/anthropocene-enjeux-vitaux-debat-scientifique\" target=\"_blank\" rel=\"noopener\">https:\/\/fr.unesco.org\/courier\/2018-2\/anthropocene-enjeux-vitaux-debat-scientifique<\/a> (pour en savoir plus sur le d\u00e9bat autour du terme \u00ab\u00a0Anthropoc\u00e8ne\u00a0\u00bb)<\/li>\n<li><a href=\"https:\/\/www.geo.fr\/environnement\/geologie-quest-ce-que-lanthropocene-193622\" target=\"_blank\" rel=\"noopener\">https:\/\/www.geo.fr\/environnement\/geologie-quest-ce-que-lanthropocene-193622<\/a> (pour en savoir plus sur les fondements scientifiques du concept)<\/li>\n<li><a href=\"https:\/\/www.seuil.com\/ouvrage\/l-evenement-anthropocene-jean-baptiste-fressoz\/9782021135008\" target=\"_blank\" rel=\"noopener\">https:\/\/www.seuil.com\/ouvrage\/l-evenement-anthropocene-jean-baptiste-fressoz\/9782021135008<\/a> (pour en savoir plus sur l\u2019origine historique de l\u2019anthropoc\u00e8ne)<\/li>\n<\/ul>\n<p>[\/et_pb_text][\/et_pb_column][\/et_pb_row][et_pb_row column_structure=\u00a0\u00bb1_2,1_2&Prime; _builder_version=\u00a0\u00bb4.19.4&Prime; _module_preset=\u00a0\u00bbdefault\u00a0\u00bb global_colors_info=\u00a0\u00bb{}\u00a0\u00bb][et_pb_column type=\u00a0\u00bb1_2&Prime; _builder_version=\u00a0\u00bb4.19.4&Prime; _module_preset=\u00a0\u00bbdefault\u00a0\u00bb global_colors_info=\u00a0\u00bb{}\u00a0\u00bb][et_pb_code _builder_version=\u00a0\u00bb4.19.4&Prime; _module_preset=\u00a0\u00bbdefault\u00a0\u00bb global_colors_info=\u00a0\u00bb{}\u00a0\u00bb]<iframe loading=\"lazy\" width=\"560\" height=\"315\" src=\"https:\/\/www.youtube.com\/embed\/MEOJOp_xK7s\" title=\"YouTube video player\" frameborder=\"0\" allow=\"accelerometer; autoplay; clipboard-write; encrypted-media; gyroscope; picture-in-picture; web-share\" allowfullscreen><\/iframe>[\/et_pb_code][\/et_pb_column][et_pb_column type=\u00a0\u00bb1_2&Prime; _builder_version=\u00a0\u00bb4.19.4&Prime; _module_preset=\u00a0\u00bbdefault\u00a0\u00bb global_colors_info=\u00a0\u00bb{}\u00a0\u00bb][et_pb_text _builder_version=\u00a0\u00bb4.19.4&Prime; _module_preset=\u00a0\u00bbdefault\u00a0\u00bb global_colors_info=\u00a0\u00bb{}\u00a0\u00bb]<\/p>\n<p><strong>Sources : <\/strong><\/p>\n<ul>\n<li><a href=\"https:\/\/www.cairn.info\/revue-sciences-du-design-2019-2-page-61.htm\" target=\"_blank\" rel=\"noopener\"><span>https:\/\/www.cairn.info\/revue-sciences-du-design-2019-2-page-61.htm<\/span><\/a><span> (Ethics by design du num\u00e9rique)<\/span><\/li>\n<li><a href=\"https:\/\/ethicsbydesign.fr\/\" target=\"_blank\" rel=\"noopener\">https:\/\/ethicsbydesign.fr\/<\/a> (Principal \u00e9v\u00e9nement francophone d\u00e9di\u00e9 \u00e0 la conception num\u00e9rique responsable et durable)<\/li>\n<li><a href=\"https:\/\/www.eco-conception.fr\/static\/definition-de-leco-conception.html\" target=\"_blank\" rel=\"noopener\">https:\/\/www.eco-conception.fr\/static\/definition-de-leco-conception.html<\/a> (d\u00e9finition de l\u2019\u00e9coconception selon le P\u00f4le \u00e9coconception)<span><\/span><\/li>\n<\/ul>\n<p>[\/et_pb_text][\/et_pb_column][\/et_pb_row][\/et_pb_section]<\/p>\n","protected":false},"excerpt":{"rendered":"<p>Termes cl\u00e9s de la transition &nbsp; KaPass propose une s\u00e9rie de microformations sur les termes cl\u00e9s de la transition,sous forme de courtes vid\u00e9os. De nouvelles vid\u00e9os sont r\u00e9guli\u00e8rement ajout\u00e9es. Ces vid\u00e9os sont \u00e9galement disponibles sur notre cha\u00eene YouTube : https:\/\/www.youtube.com\/@kapassAcademy Pour \u00eatre inform\u00e9s de la sortie des nouvelles vid\u00e9os et des articles de blog de [&hellip;]<\/p>\n","protected":false},"author":4,"featured_media":0,"parent":0,"menu_order":0,"comment_status":"closed","ping_status":"closed","template":"","meta":{"_et_pb_use_builder":"on","_et_pb_old_content":"","_et_gb_content_width":"","footnotes":""},"class_list":["post-1845","page","type-page","status-publish","hentry"],"aioseo_notices":[],"_links":{"self":[{"href":"https:\/\/kapass.academy\/index.php\/wp-json\/wp\/v2\/pages\/1845","targetHints":{"allow":["GET"]}}],"collection":[{"href":"https:\/\/kapass.academy\/index.php\/wp-json\/wp\/v2\/pages"}],"about":[{"href":"https:\/\/kapass.academy\/index.php\/wp-json\/wp\/v2\/types\/page"}],"author":[{"embeddable":true,"href":"https:\/\/kapass.academy\/index.php\/wp-json\/wp\/v2\/users\/4"}],"replies":[{"embeddable":true,"href":"https:\/\/kapass.academy\/index.php\/wp-json\/wp\/v2\/comments?post=1845"}],"version-history":[{"count":23,"href":"https:\/\/kapass.academy\/index.php\/wp-json\/wp\/v2\/pages\/1845\/revisions"}],"predecessor-version":[{"id":2406,"href":"https:\/\/kapass.academy\/index.php\/wp-json\/wp\/v2\/pages\/1845\/revisions\/2406"}],"wp:attachment":[{"href":"https:\/\/kapass.academy\/index.php\/wp-json\/wp\/v2\/media?parent=1845"}],"curies":[{"name":"wp","href":"https:\/\/api.w.org\/{rel}","templated":true}]}}